{"id":39,"date":"2017-09-14T14:13:13","date_gmt":"2017-09-14T14:13:13","guid":{"rendered":"http:\/\/www.encore-en-corps.ch\/?page_id=39"},"modified":"2026-01-12T11:54:22","modified_gmt":"2026-01-12T09:54:22","slug":"professeurs","status":"publish","type":"page","link":"https:\/\/www.encore-en-corps.ch\/index.php\/professeurs\/","title":{"rendered":"Professeurs"},"content":{"rendered":"<p><span style=\"color: #000000;\"><strong>Jessica King (Claquettes, Claquettes irlandaises, Zumba, Danse classique, Modern-jazz) &#8211; Pr\u00e9sidente de l&rsquo;association<\/strong><\/span><img data-recalc-dims=\"1\" loading=\"lazy\" decoding=\"async\" data-attachment-id=\"214\" data-permalink=\"https:\/\/www.encore-en-corps.ch\/index.php\/professeurs\/jess\/\" data-orig-file=\"https:\/\/i0.wp.com\/www.encore-en-corps.ch\/wp-content\/uploads\/2016\/02\/jess.jpg?fit=268%2C370&amp;ssl=1\" data-orig-size=\"268,370\" data-comments-opened=\"1\" data-image-meta=\"{&quot;aperture&quot;:&quot;0&quot;,&quot;credit&quot;:&quot;&quot;,&quot;camera&quot;:&quot;&quot;,&quot;caption&quot;:&quot;&quot;,&quot;created_timestamp&quot;:&quot;0&quot;,&quot;copyright&quot;:&quot;&quot;,&quot;focal_length&quot;:&quot;0&quot;,&quot;iso&quot;:&quot;0&quot;,&quot;shutter_speed&quot;:&quot;0&quot;,&quot;title&quot;:&quot;&quot;,&quot;orientation&quot;:&quot;0&quot;}\" data-image-title=\"jess\" data-image-description=\"\" data-image-caption=\"\" data-medium-file=\"https:\/\/i0.wp.com\/www.encore-en-corps.ch\/wp-content\/uploads\/2016\/02\/jess.jpg?fit=217%2C300&amp;ssl=1\" data-large-file=\"https:\/\/i0.wp.com\/www.encore-en-corps.ch\/wp-content\/uploads\/2016\/02\/jess.jpg?fit=268%2C370&amp;ssl=1\" class=\"wp-image-214 alignleft\" src=\"https:\/\/i0.wp.com\/www.encore-en-corps.ch\/wp-content\/uploads\/2016\/02\/jess.jpg?resize=153%2C211&#038;ssl=1\" alt=\"jess\" width=\"153\" height=\"211\" \/><\/p>\n<p>Claquette 23 ans<br \/>\nClassique, 10 ans<br \/>\nNew Line Dance, 13 ans<br \/>\nCirque, 23 ans<br \/>\nCom\u00e9die musicale, 15 ans<br \/>\nChant, 7 ans<br \/>\nModern-Jazz, 25 ans<br \/>\nZumba B1 et B2, Gold 8 ans<\/p>\n<p>Passionn\u00e9e des arts de la sc\u00e8ne d\u00e8s son plus jeune \u00e2ge, Jessica est professeur de danse, de cirque et d\u2019anglais. Elle travaille aussi parfois dans l&rsquo;ombre en tant que technicienne de spectacle. Toujours de plus en plus curieuse, elle a occup\u00e9 les postes de placeuses, vendeuses, barmaid, pr\u00e9sentatrice, accueil artistes pour diverses associations.<\/p>\n<p>jessicakingspring@gmail.com 078 936 98 90<\/p>\n<h5><strong><img data-recalc-dims=\"1\" loading=\"lazy\" decoding=\"async\" data-attachment-id=\"227\" data-permalink=\"https:\/\/www.encore-en-corps.ch\/index.php\/professeurs\/maghi\/\" data-orig-file=\"https:\/\/i0.wp.com\/www.encore-en-corps.ch\/wp-content\/uploads\/2016\/02\/maghi.jpg?fit=361%2C480&amp;ssl=1\" data-orig-size=\"361,480\" data-comments-opened=\"1\" data-image-meta=\"{&quot;aperture&quot;:&quot;0&quot;,&quot;credit&quot;:&quot;&quot;,&quot;camera&quot;:&quot;&quot;,&quot;caption&quot;:&quot;&quot;,&quot;created_timestamp&quot;:&quot;0&quot;,&quot;copyright&quot;:&quot;&quot;,&quot;focal_length&quot;:&quot;0&quot;,&quot;iso&quot;:&quot;0&quot;,&quot;shutter_speed&quot;:&quot;0&quot;,&quot;title&quot;:&quot;&quot;,&quot;orientation&quot;:&quot;1&quot;}\" data-image-title=\"maghi\" data-image-description=\"\" data-image-caption=\"\" data-medium-file=\"https:\/\/i0.wp.com\/www.encore-en-corps.ch\/wp-content\/uploads\/2016\/02\/maghi.jpg?fit=226%2C300&amp;ssl=1\" data-large-file=\"https:\/\/i0.wp.com\/www.encore-en-corps.ch\/wp-content\/uploads\/2016\/02\/maghi.jpg?fit=361%2C480&amp;ssl=1\" class=\" wp-image-227 alignleft\" src=\"https:\/\/i0.wp.com\/www.encore-en-corps.ch\/wp-content\/uploads\/2016\/02\/maghi.jpg?resize=145%2C193&#038;ssl=1\" alt=\"maghi\" width=\"145\" height=\"193\" \/>Maghi King (Line Dance) &#8211; Membre du comit\u00e9<\/strong><\/h5>\n<p style=\"text-align: left;\"><span lang=\"fr-CH\">N\u00e9e aux parents danseurs, Maghi ne se souvient pas de quand elle a fait ses premiers pas de danse. Adolescente, elle a d\u00e9couvert les styles de danse qu\u2019on peut appeler les danses \u00ab\u00a0sociales\u00a0\u00bb, o\u00f9 les exigences techniques vont des pas abordables par tout un chacun aux pas plus difficiles pour les danseurs plus experts, mais o\u00f9 les participants dansent tous ensemble pour le simple plaisir de danser en compagnie. Ainsi, elle a achev\u00e9 une formation d\u2019enseignant pour les contre danses-\u00e9cossaises, discipline qu\u2019elle a pratiqu\u00e9e pendant longtemps. En voyage au Canada, elle a d\u00e9couvert les danses en ligne, qu\u2019elle enseigne maintenant depuis presque trente ans\u00a0; faut dire qu\u2019on ne s\u2019ennuie pas avec ces chor\u00e9graphies\u00a0!<\/span><\/p>\n<p>maghi.king@gmail.com 022 792 60 86<\/p>\n<table style=\"width: 494.5px;\">\n<tbody>\n<tr>\n<td style=\"width: 202px;\"><img data-recalc-dims=\"1\" loading=\"lazy\" decoding=\"async\" class=\"\" src=\"https:\/\/i0.wp.com\/www.encore-en-corps.ch\/wp-content\/uploads\/2023\/06\/Patrick-Pulh-small.jpg?resize=198%2C166&#038;ssl=1\" alt=\"This image has an empty alt attribute; its file name is Patrick-Pulh-small.jpg\" width=\"198\" height=\"166\" \/><\/td>\n<td style=\"text-align: left; width: 284.5px;\">\u00a0<strong><span style=\"color: #000000;\">Patrick Pulh (Yoga)<\/span><\/strong><\/td>\n<\/tr>\n<\/tbody>\n<\/table>\n<p>Patrick est professeur en yoga hatha et vinyasa dynamique. Il est passionn\u00e9 par l&rsquo;enseignement de ces styles de yoga. Il utilise une approche holistique pour enseigner le yoga, en combinant les postures, la respiration et la m\u00e9ditation pour cr\u00e9er une exp\u00e9rience compl\u00e8te de bien-\u00eatre. Les s\u00e9ances de yoga sont adapt\u00e9es \u00e0 tous les niveaux, des d\u00e9butants aux yogis avanc\u00e9s, et notre professeur offre des modifications pour chaque posture afin que vous puissiez pratiquer en toute s\u00e9curit\u00e9.<\/p>\n<p>Que vous cherchiez \u00e0 vous d\u00e9tendre et \u00e0 r\u00e9duire votre stress ou \u00e0 am\u00e9liorer votre condition physique, notre professeur de yoga peut vous aider \u00e0 atteindre vos objectifs. Alors, rejoignez-nous pour une s\u00e9ance de yoga dynamique qui vous laissera revitalis\u00e9 et \u00e9nergis\u00e9 !<\/p>\n<p>patrick@palapayoga.com 079 900 91 22<\/p>\n<table>\n<tbody>\n<tr>\n<td><span style=\"color: #000000;\"><strong><img data-recalc-dims=\"1\" loading=\"lazy\" decoding=\"async\" data-attachment-id=\"8268\" data-permalink=\"https:\/\/www.encore-en-corps.ch\/index.php\/professeurs\/entrepreneuse-camille-pro\/\" data-orig-file=\"https:\/\/i0.wp.com\/www.encore-en-corps.ch\/wp-content\/uploads\/2025\/09\/Camille-Saglibene.jpg?fit=1067%2C1600&amp;ssl=1\" data-orig-size=\"1067,1600\" data-comments-opened=\"1\" data-image-meta=\"{&quot;aperture&quot;:&quot;2.8&quot;,&quot;credit&quot;:&quot;Val\\u00e9rie Escandon Photography&quot;,&quot;camera&quot;:&quot;Canon EOS R6m2&quot;,&quot;caption&quot;:&quot;&quot;,&quot;created_timestamp&quot;:&quot;1718708806&quot;,&quot;copyright&quot;:&quot;\\u00a9 2024 Val\\u00e9rie Escandon Photography, all rights reserved.&quot;,&quot;focal_length&quot;:&quot;44&quot;,&quot;iso&quot;:&quot;1000&quot;,&quot;shutter_speed&quot;:&quot;0.005&quot;,&quot;title&quot;:&quot;Entrepreneuse Camille pro&quot;,&quot;orientation&quot;:&quot;1&quot;}\" data-image-title=\"Entrepreneuse Camille pro\" data-image-description=\"\" data-image-caption=\"\" data-medium-file=\"https:\/\/i0.wp.com\/www.encore-en-corps.ch\/wp-content\/uploads\/2025\/09\/Camille-Saglibene.jpg?fit=200%2C300&amp;ssl=1\" data-large-file=\"https:\/\/i0.wp.com\/www.encore-en-corps.ch\/wp-content\/uploads\/2025\/09\/Camille-Saglibene.jpg?fit=683%2C1024&amp;ssl=1\" class=\"alignnone size-medium wp-image-8268\" src=\"https:\/\/i0.wp.com\/www.encore-en-corps.ch\/wp-content\/uploads\/2025\/09\/Camille-Saglibene.jpg?resize=200%2C300&#038;ssl=1\" alt=\"\" width=\"200\" height=\"300\" srcset=\"https:\/\/i0.wp.com\/www.encore-en-corps.ch\/wp-content\/uploads\/2025\/09\/Camille-Saglibene.jpg?resize=744%2C1116&amp;ssl=1 744w, https:\/\/i0.wp.com\/www.encore-en-corps.ch\/wp-content\/uploads\/2025\/09\/Camille-Saglibene.jpg?resize=420%2C630&amp;ssl=1 420w, https:\/\/i0.wp.com\/www.encore-en-corps.ch\/wp-content\/uploads\/2025\/09\/Camille-Saglibene.jpg?resize=768%2C1152&amp;ssl=1 768w, https:\/\/i0.wp.com\/www.encore-en-corps.ch\/wp-content\/uploads\/2025\/09\/Camille-Saglibene.jpg?resize=1024%2C1536&amp;ssl=1 1024w, https:\/\/i0.wp.com\/www.encore-en-corps.ch\/wp-content\/uploads\/2025\/09\/Camille-Saglibene.jpg?w=1067&amp;ssl=1 1067w\" sizes=\"auto, (max-width: 200px) 100vw, 200px\" \/><\/strong><\/span><\/td>\n<td><strong>Camille Saglibene<\/strong><\/td>\n<\/tr>\n<\/tbody>\n<\/table>\n<p>Empathique, passionn\u00e9e et p\u00e9dagogue, Camille est originaire du sud de la France. Form\u00e9e en \u00e9cole professionnelle aupr\u00e8s de Bruno Vandelli, Gianin Loringett, Angelo de Monaco et Lorella Donesi, elle se perfectionne ensuite \u00e0 Paris avec Rick Odums (techniques Modern : Graham, Horton) puis lors de stages \u00e0 Cannes (Rosella Hightower), Annecy, Lyon (Wayne Barbast) et New York (Alvin Ailey).<\/p>\n<p>D\u00e8s 16 ans, elle danse professionnellement (orchestres live, compagnie \u00ab Corps et danse \u00bb, carnavals de Nice et Monaco, festival de Cannes) et se produit \u00e0 Gen\u00e8ve en com\u00e9dies musicales (\u00ab Le Magicien d\u2019Oz \u00bb, \u00ab Barnum \u00bb), op\u00e9rette (\u00ab L\u2019Auberge du Cheval Blanc \u00bb), th\u00e9\u00e2tre (\u00ab Tovaritch \u00bb) et \u00e0 l\u2019op\u00e9ra au Grand Th\u00e9\u00e2tre de Gen\u00e8ve (Turandot), (La Juive), (Salom\u00e9).<\/p>\n<p>Depuis 2017, elle enseigne le Modern Jazz et le Classique et le Cabaret \u00e0 Gen\u00e8ve, et collabore avec le patinage artistique et la natation synchronis\u00e9e aupr\u00e8s d\u2019athl\u00e8tes<br \/>\nSport-\u00c9tude, ainsi que SAE Jazz.<\/p>\n<p>procamilles@gmail.com +4178 687 41 87 Instagram : @_camille.sa_<\/p>\n<p><img data-recalc-dims=\"1\" loading=\"lazy\" decoding=\"async\" data-attachment-id=\"5146\" data-permalink=\"https:\/\/www.encore-en-corps.ch\/index.php\/professeurs\/arav-2014-2\/\" data-orig-file=\"https:\/\/i0.wp.com\/www.encore-en-corps.ch\/wp-content\/uploads\/2023\/07\/arav-2014-1-1.jpg?fit=3456%2C3456&amp;ssl=1\" data-orig-size=\"3456,3456\" data-comments-opened=\"1\" data-image-meta=\"{&quot;aperture&quot;:&quot;2.8&quot;,&quot;credit&quot;:&quot;ARAV-J.-Christophe&quot;,&quot;camera&quot;:&quot;Canon EOS 7D&quot;,&quot;caption&quot;:&quot;&quot;,&quot;created_timestamp&quot;:&quot;1399582622&quot;,&quot;copyright&quot;:&quot;\\u00a9 Jean-Christophe ARAV&quot;,&quot;focal_length&quot;:&quot;70&quot;,&quot;iso&quot;:&quot;2500&quot;,&quot;shutter_speed&quot;:&quot;0.008&quot;,&quot;title&quot;:&quot;&quot;,&quot;orientation&quot;:&quot;0&quot;}\" data-image-title=\"Flamenco\" data-image-description=\"&lt;p&gt;Au b\u00e9n\u00e9fice d\u2019une solide exp\u00e9rience de la sc\u00e8ne comme de l\u2019enseignement, j\u2019ai aujourd\u2019hui surtout \u00e0 c\u0153ur de transmettre la joie de danser, de s\u2019exprimer \u00e0 travers le flamenco.&lt;br \/&gt;\nL\u2019apprentissage de cette danse permet de d\u00e9velopper une meilleure conscience du corps, de son centre comme de ses extr\u00e9mit\u00e9s. il permet aussi de cultiver l\u2019enracinement dans le sol et l\u2019axe qui nous relie au Ciel.&lt;br \/&gt;\nA travers le rythme et l\u2019intensit\u00e9 musicale du flamenco les \u00e9motions se lib\u00e8rent et nous pouvons ressentir cet \u00e9lan vital, qui tous nous anime.&lt;\/p&gt;\n\" data-image-caption=\"&lt;p&gt;Cours de danse avec Ana La China www.analachina.com&lt;\/p&gt;\n\" data-medium-file=\"https:\/\/i0.wp.com\/www.encore-en-corps.ch\/wp-content\/uploads\/2023\/07\/arav-2014-1-1.jpg?fit=300%2C300&amp;ssl=1\" data-large-file=\"https:\/\/i0.wp.com\/www.encore-en-corps.ch\/wp-content\/uploads\/2023\/07\/arav-2014-1-1.jpg?fit=744%2C744&amp;ssl=1\" class=\"wp-image-5146 size-thumbnail\" src=\"https:\/\/i0.wp.com\/www.encore-en-corps.ch\/wp-content\/uploads\/2023\/07\/arav-2014-1-1.jpg?resize=150%2C150&#038;ssl=1\" alt=\"\" width=\"150\" height=\"150\" srcset=\"https:\/\/i0.wp.com\/www.encore-en-corps.ch\/wp-content\/uploads\/2023\/07\/arav-2014-1-1.jpg?resize=420%2C420&amp;ssl=1 420w, https:\/\/i0.wp.com\/www.encore-en-corps.ch\/wp-content\/uploads\/2023\/07\/arav-2014-1-1.jpg?resize=744%2C744&amp;ssl=1 744w, https:\/\/i0.wp.com\/www.encore-en-corps.ch\/wp-content\/uploads\/2023\/07\/arav-2014-1-1.jpg?resize=768%2C768&amp;ssl=1 768w, https:\/\/i0.wp.com\/www.encore-en-corps.ch\/wp-content\/uploads\/2023\/07\/arav-2014-1-1.jpg?resize=1200%2C1200&amp;ssl=1 1200w, https:\/\/i0.wp.com\/www.encore-en-corps.ch\/wp-content\/uploads\/2023\/07\/arav-2014-1-1.jpg?resize=50%2C50&amp;ssl=1 50w, https:\/\/i0.wp.com\/www.encore-en-corps.ch\/wp-content\/uploads\/2023\/07\/arav-2014-1-1.jpg?w=1488&amp;ssl=1 1488w, https:\/\/i0.wp.com\/www.encore-en-corps.ch\/wp-content\/uploads\/2023\/07\/arav-2014-1-1.jpg?w=2232&amp;ssl=1 2232w\" sizes=\"auto, (max-width: 150px) 100vw, 150px\" \/><\/p>\n<p><span style=\"font-family: Arial, serif; color: #000000;\"><span style=\"font-size: medium;\"><b>Ana la China (Flamenco) www.analachina.com<\/b><\/span><\/span><\/p>\n<p>Au b\u00e9n\u00e9fice d\u2019une solide exp\u00e9rience de la sc\u00e8ne comme de l\u2019enseignement, j\u2019ai aujourd\u2019hui surtout \u00e0 c\u0153ur de transmettre la joie de danser, de s\u2019exprimer \u00e0 travers le flamenco.<\/p>\n<p>L\u2019apprentissage de cette danse permet de d\u00e9velopper une meilleure conscience du corps, de son centre comme de ses extr\u00e9mit\u00e9s. il permet aussi de cultiver l\u2019enracinement dans le sol et l\u2019axe qui nous relie au Ciel.<\/p>\n<p>A travers le rythme et l\u2019intensit\u00e9 musicale du flamenco les \u00e9motions se lib\u00e8rent et nous pouvons ressentir cet \u00e9lan vital, qui tous nous anime.<\/p>\n<p>info@analachina.com 078 737 96 62<\/p>\n<h5><span style=\"font-size: medium;\"><b><img data-recalc-dims=\"1\" loading=\"lazy\" decoding=\"async\" data-attachment-id=\"226\" data-permalink=\"https:\/\/www.encore-en-corps.ch\/index.php\/professeurs\/pete\/\" data-orig-file=\"https:\/\/i0.wp.com\/www.encore-en-corps.ch\/wp-content\/uploads\/2016\/02\/pete.jpg?fit=640%2C960&amp;ssl=1\" data-orig-size=\"640,960\" data-comments-opened=\"1\" data-image-meta=\"{&quot;aperture&quot;:&quot;0&quot;,&quot;credit&quot;:&quot;&quot;,&quot;camera&quot;:&quot;&quot;,&quot;caption&quot;:&quot;&quot;,&quot;created_timestamp&quot;:&quot;0&quot;,&quot;copyright&quot;:&quot;&quot;,&quot;focal_length&quot;:&quot;0&quot;,&quot;iso&quot;:&quot;0&quot;,&quot;shutter_speed&quot;:&quot;0&quot;,&quot;title&quot;:&quot;&quot;,&quot;orientation&quot;:&quot;1&quot;}\" data-image-title=\"pete\" data-image-description=\"\" data-image-caption=\"\" data-medium-file=\"https:\/\/i0.wp.com\/www.encore-en-corps.ch\/wp-content\/uploads\/2016\/02\/pete.jpg?fit=200%2C300&amp;ssl=1\" data-large-file=\"https:\/\/i0.wp.com\/www.encore-en-corps.ch\/wp-content\/uploads\/2016\/02\/pete.jpg?fit=640%2C960&amp;ssl=1\" class=\"wp-image-226 alignleft\" src=\"https:\/\/i0.wp.com\/www.encore-en-corps.ch\/wp-content\/uploads\/2016\/02\/pete.jpg?resize=156%2C234&#038;ssl=1\" alt=\"pete\" width=\"156\" height=\"234\" srcset=\"https:\/\/i0.wp.com\/www.encore-en-corps.ch\/wp-content\/uploads\/2016\/02\/pete.jpg?w=640&amp;ssl=1 640w, https:\/\/i0.wp.com\/www.encore-en-corps.ch\/wp-content\/uploads\/2016\/02\/pete.jpg?resize=420%2C630&amp;ssl=1 420w\" sizes=\"auto, (max-width: 156px) 100vw, 156px\" \/><\/b><em>Clin d&rsquo;oeil \u00e0 notre ancien directeur maintenant \u00e0 la retraite<\/em><b> Peter Daniel (Claquettes, Claquettes irlandaises)<\/b><\/span><\/h5>\n<p><span style=\"font-size: medium;\"><span lang=\"fr-FR\">Danseur et chor\u00e9graphe de renomm\u00e9 internationale, sp\u00e9cialiste de claquettes, jazz et highland, Peter Daniel a remport\u00e9 de nombreux prix et de championnats dans chacune de ces cat\u00e9gories. Soliste chez Disney Productions et dans maints spectacles de com\u00e9die musicale et de cabaret, il a \u00e9galement sign\u00e9 des chor\u00e9graphies pour l\u2019op\u00e9ra, pour les champions allemands et suisses de claquettes, pour la Revue de Servion et des spectacles de cabaret. Il est Patron d\u2019Honneur du Ballet Australasia Ltd. et auteur de ses programmes d\u2019\u00e9tudes pour le jazz.<\/span><\/span><\/p>\n","protected":false},"excerpt":{"rendered":"<p class=\"post-excerpt\">Jessica King (Claquettes, Claquettes irlandaises, Zumba, Danse classique, Modern-jazz) &#8211; Pr\u00e9sidente de l&rsquo;association Claquette 23 ans Classique, 10 ans New&hellip;<\/p>\n<div class=\"link-more\"><a href=\"https:\/\/www.encore-en-corps.ch\/index.php\/professeurs\/\">Continue reading<span class=\"screen-reader-text\"> \"Professeurs\"<\/span>&hellip;<\/a><\/div>","protected":false},"author":2,"featured_media":0,"parent":0,"menu_order":0,"comment_status":"closed","ping_status":"closed","template":"page-template\/_sidebar.php","meta":{"jetpack_post_was_ever_published":false,"footnotes":""},"class_list":["post-39","page","type-page","status-publish","hentry"],"jetpack_sharing_enabled":true,"jetpack_shortlink":"https:\/\/wp.me\/P7hS9n-D","jetpack-related-posts":[],"_links":{"self":[{"href":"https:\/\/www.encore-en-corps.ch\/index.php\/wp-json\/wp\/v2\/pages\/39","targetHints":{"allow":["GET"]}}],"collection":[{"href":"https:\/\/www.encore-en-corps.ch\/index.php\/wp-json\/wp\/v2\/pages"}],"about":[{"href":"https:\/\/www.encore-en-corps.ch\/index.php\/wp-json\/wp\/v2\/types\/page"}],"author":[{"embeddable":true,"href":"https:\/\/www.encore-en-corps.ch\/index.php\/wp-json\/wp\/v2\/users\/2"}],"replies":[{"embeddable":true,"href":"https:\/\/www.encore-en-corps.ch\/index.php\/wp-json\/wp\/v2\/comments?post=39"}],"version-history":[{"count":24,"href":"https:\/\/www.encore-en-corps.ch\/index.php\/wp-json\/wp\/v2\/pages\/39\/revisions"}],"predecessor-version":[{"id":8871,"href":"https:\/\/www.encore-en-corps.ch\/index.php\/wp-json\/wp\/v2\/pages\/39\/revisions\/8871"}],"wp:attachment":[{"href":"https:\/\/www.encore-en-corps.ch\/index.php\/wp-json\/wp\/v2\/media?parent=39"}],"curies":[{"name":"wp","href":"https:\/\/api.w.org\/{rel}","templated":true}]}}